{"id":140,"date":"2014-09-22T12:00:51","date_gmt":"2014-09-22T09:00:51","guid":{"rendered":"http:\/\/www.itukylat.fi\/kopbacka\/?page_id=140"},"modified":"2025-01-14T22:24:07","modified_gmt":"2025-01-14T20:24:07","slug":"alakoulu","status":"publish","type":"page","link":"https:\/\/www.kopbacka.fi\/fi\/alakoulu\/","title":{"rendered":"Sm\u00e5skola"},"content":{"rendered":"<p><a href=\"https:\/\/www.kopbacka.fi\/wp-content\/uploads\/sites\/15\/2014\/10\/22042013012-e1413275151422.jpg\"><img loading=\"lazy\" decoding=\"async\" class=\"aligncenter wp-image-349 size-medium\" src=\"https:\/\/www.kopbacka.fi\/wp-content\/uploads\/sites\/15\/2014\/10\/22042013012-e1413275151422-300x93.jpg\" alt=\"22042013012\" width=\"300\" height=\"93\" srcset=\"https:\/\/www.kopbacka.fi\/wp-content\/uploads\/sites\/15\/2014\/10\/22042013012-e1413275151422-300x93.jpg 300w, https:\/\/www.kopbacka.fi\/wp-content\/uploads\/sites\/15\/2014\/10\/22042013012-e1413275151422.jpg 960w\" sizes=\"auto, (max-width: 300px) 100vw, 300px\" \/><\/a><\/p>\n<p>Yhdistyksen toiminnan keskuksena toimii K\u00f6pbackan kyl\u00e4n entinen alakoulu joka joulukuusta 2013 l\u00e4htien on kyl\u00e4yhdistyksen omistuksessa.<br \/>\nK\u00f6pbackan entinen alakoulu, jossa on toiminut kansakoulun alaluokat, on yh\u00e4 kaikkien kyl\u00e4l\u00e4isten, entisten kyl\u00e4l\u00e4isten ja heid\u00e4n yst\u00e4viens\u00e4 k\u00e4yt\u00f6ss\u00e4.<br \/>\nKyl\u00e4yhdistys kokoontuu Sm\u00e5skolalla paitsi kokouksiin my\u00f6s merkkip\u00e4ivien, juhlien ja talkoot\u00f6iden merkeiss\u00e4.<br \/>\nKyl\u00e4yhdistys tekee ty\u00f6t\u00e4, jotta Sm\u00e5skola s\u00e4ilyisi kulttuurihistoriallisesti t\u00e4rke\u00e4n\u00e4 rakennuksena, ja ett\u00e4 my\u00f6s tulevaisuudessa olisi paikka, jossa kyl\u00e4l\u00e4iset voivat viihty\u00e4 yhdess\u00e4.<\/p>\n<div dir=\"ltr\">\n<div style=\"font-size: 12pt;font-family: 'Calibri';color: #000000\">\n<div dir=\"ltr\">\n<div style=\"font-size: 12pt;font-family: 'Calibri';color: #000000\">\n<p><a href=\"https:\/\/www.kopbacka.fi\/fi\/kuvia\/alakoulun-saneeraus-2019\/\"><strong>Alakoulun saneeraus 2019<\/strong><\/a><\/p>\n<\/div>\n<\/div>\n<p>Koulurakennus on vuonna 1884 kyl\u00e4l\u00e4isten talkoilla rakentama K\u00f6pbackan alakoulu, jossa on toiminut kansakoulun alaluokat, ja sit\u00e4 voidaan viel\u00e4 t\u00e4n\u00e4 p\u00e4iv\u00e4n\u00e4kin sanoa kylien syd\u00e4meksi.\u00a0 Koulutoiminta Sm\u00e5skolassa lakkasi vuonna 1970, kaupat on suljettu ja el\u00e4m\u00e4 kyl\u00e4teiden varsilla on muuttunut. Kyl\u00e4yhdistyksess\u00e4 kyl\u00e4l\u00e4iset ovat l\u00f6yt\u00e4neet toinen toisensa ja ty\u00f6skentelev\u00e4t yll\u00e4pit\u00e4\u00e4kseen hyv\u00e4\u00e4 kyl\u00e4henke\u00e4.<\/p>\n<p><span style=\"font-size: 12pt\">Svenska Kulturfonden ja Finlands hembygdsf\u00f6rbund\u201d:lta saamamme avustukset on nyt k\u00e4ytetty ja alakoulun suuret peruskorjaukset saatettu loppuun.<\/span><\/p>\n<p>Ahkera, keskim\u00e4\u00e4rin kuuden hengen talkooryhm\u00e4, on kes\u00e4n aikana luonut uuden, nykyaikaisen ja tarkoituksenmukaisen keitti\u00f6n. He ovat ty\u00f6skennelleet joka tiistai toukokuun lopusta lokakuun alkuun ja nyt voimme kaikki iloita kauniista j viihtyis\u00e4st\u00e4 keitti\u00f6st\u00e4.<\/p>\n<p>Valmistelut keitti\u00f6n peruskorjausta varten aloitettiin jo kes\u00e4ll\u00e4 2018 kun uusi WC rakennettiin. T\u00e4n\u00e4 vuonna aloitettiin purkamalla vanha WC, tyhjent\u00e4m\u00e4ll\u00e4 keitti\u00f6 sisustuksesta, purkamalla lattia ja korvaamalla se uusilla lankuilla. Uusi sein\u00e4 ja k\u00e4yntiaukko keitti\u00f6\u00f6n on rakennettu ja kaappeja ja keitti\u00f6koneita on asennettu. Vaikka suurin osa t\u00f6ist\u00e4 on tehty talkoilla niin my\u00f6s ammattimiehi\u00e4 on hy\u00f6dynnetty, p\u00e4\u00e4osin LVI- ja s\u00e4hk\u00f6t\u00f6ihin ja puusepp\u00e4 on rakentanut kaapit mittatilausty\u00f6n\u00e4.<\/p>\n<p>Kohta kahdenkymmenen vuoden ep\u00e4mukavassa ja ep\u00e4k\u00e4yt\u00e4nn\u00f6llisess\u00e4 vanhassa koulukeitti\u00f6ss\u00e4 ty\u00f6skentelyn j\u00e4lkeen \u201dkeitti\u00f6henkil\u00f6kunta\u201d on nyt saanut toimivat tilat.<\/p>\n<p>Se joka nyt haluaa vuokrata pienet mukavat tilat perhejuhliinsa tai kokoustilaksi on syd\u00e4mellisesti tervetullut.<\/p>\n<p>Suuri kiitos kaikille jotka ovat uskoneet hankkeeseemme ja tukeneet meit\u00e4 kaikissa yhteyksiss\u00e4 vuosien mittaan. Jokainen panos, pieni tai suuri, on arvokas.<\/p>\n\n\t\t<style type=\"text\/css\">\n\t\t\t#gallery-1 {\n\t\t\t\tmargin: auto;\n\t\t\t}\n\t\t\t#gallery-1 .gallery-item {\n\t\t\t\tfloat: left;\n\t\t\t\tmargin-top: 10px;\n\t\t\t\ttext-align: center;\n\t\t\t\twidth: 50%;\n\t\t\t}\n\t\t\t#gallery-1 img {\n\t\t\t\tborder: 2px solid #cfcfcf;\n\t\t\t}\n\t\t\t#gallery-1 .gallery-caption {\n\t\t\t\tmargin-left: 0;\n\t\t\t}\n\t\t\t\/* see gallery_shortcode() in wp-includes\/media.php *\/\n\t\t<\/style>\n\t\t<div id='gallery-1' class='gallery galleryid-140 gallery-columns-2 gallery-size-medium'><dl class='gallery-item'>\n\t\t\t<dt class='gallery-icon landscape'>\n\t\t\t\t<a href='https:\/\/www.kopbacka.fi\/wp-content\/uploads\/sites\/15\/2018\/10\/HannuKariTAffe-ja-Jukka-e1539972164645.jpg'><img loading=\"lazy\" decoding=\"async\" width=\"300\" height=\"225\" src=\"https:\/\/www.kopbacka.fi\/wp-content\/uploads\/sites\/15\/2018\/10\/HannuKariTAffe-ja-Jukka-e1539972164645-300x225.jpg\" class=\"attachment-medium size-medium\" alt=\"\" aria-describedby=\"gallery-1-1648\" srcset=\"https:\/\/www.kopbacka.fi\/wp-content\/uploads\/sites\/15\/2018\/10\/HannuKariTAffe-ja-Jukka-e1539972164645-300x225.jpg 300w, https:\/\/www.kopbacka.fi\/wp-content\/uploads\/sites\/15\/2018\/10\/HannuKariTAffe-ja-Jukka-e1539972164645-768x576.jpg 768w, https:\/\/www.kopbacka.fi\/wp-content\/uploads\/sites\/15\/2018\/10\/HannuKariTAffe-ja-Jukka-e1539972164645-1024x768.jpg 1024w\" sizes=\"auto, (max-width: 300px) 100vw, 300px\" \/><\/a>\n\t\t\t<\/dt>\n\t\t\t\t<dd class='wp-caption-text gallery-caption' id='gallery-1-1648'>\n\t\t\t\tHannu, KariT, Affe ja Jukka\n\t\t\t\t<\/dd><\/dl><dl class='gallery-item'>\n\t\t\t<dt class='gallery-icon landscape'>\n\t\t\t\t<a href='https:\/\/www.kopbacka.fi\/wp-content\/uploads\/sites\/15\/2018\/10\/Nisse-ja.Palle_.jpg'><img loading=\"lazy\" decoding=\"async\" width=\"300\" height=\"225\" src=\"https:\/\/www.kopbacka.fi\/wp-content\/uploads\/sites\/15\/2018\/10\/Nisse-ja.Palle_-300x225.jpg\" class=\"attachment-medium size-medium\" alt=\"\" aria-describedby=\"gallery-1-1649\" srcset=\"https:\/\/www.kopbacka.fi\/wp-content\/uploads\/sites\/15\/2018\/10\/Nisse-ja.Palle_-300x225.jpg 300w, https:\/\/www.kopbacka.fi\/wp-content\/uploads\/sites\/15\/2018\/10\/Nisse-ja.Palle_-768x576.jpg 768w, https:\/\/www.kopbacka.fi\/wp-content\/uploads\/sites\/15\/2018\/10\/Nisse-ja.Palle_-1024x768.jpg 1024w\" sizes=\"auto, (max-width: 300px) 100vw, 300px\" \/><\/a>\n\t\t\t<\/dt>\n\t\t\t\t<dd class='wp-caption-text gallery-caption' id='gallery-1-1649'>\n\t\t\t\t+ Nisse ja Palle\n\t\t\t\t<\/dd><\/dl><br style=\"clear: both\" \/>\n\t\t<\/div>\n\n<p><strong>\u00a0<\/strong><\/p>\n<p><a href=\"https:\/\/www.kopbacka.fi\/fi\/kuvia\/alakoulun-korjaus-2018-2\/\"><strong style=\"font-size: 12pt\">Alakoulun saneeraus 2018\u00a0<\/strong><\/a><\/p>\n<\/div>\n<\/div>\n<p>Ensimm\u00e4inen osa saneeraust\u00f6ist\u00e4 alakoululla on valmis ja tahdomme <strong>kiitt\u00e4\u00e4<\/strong> kaikkia osallistuneita.<\/p>\n<p>Kiitos avustusten jotka saimme\u00a0\u00a0<strong>Svenska Kulturfonden<\/strong> ja <strong>Finlands<\/strong> <strong>hembygdsf\u00f6rbund<\/strong>:lta olemme voineet suoriutua saneerauksesta. Kiitos avustuksistanne.<\/p>\n<p>Taitavat talkoot\u00f6ihin osallistuneet <strong>Hannu Vuoj\u00e4rvi, Kari Tenhunen, Affe Lindroos, Jukka L\u00f6nnqvist, Nisse Elfstr\u00f6m ja<\/strong> <strong>Palle Lindroos, <\/strong>jotka ovat uhranneet monta ihanaa kes\u00e4p\u00e4iv\u00e4\u00e4 tarkoituksenmukaisemman kokoontumis huoneiston hyv\u00e4ksi. Kiitos my\u00f6s <strong>Jocke H\u00e4llforsille<\/strong>\u00a0joka kaivoi ojan vesi ja viem\u00e4riputkille talkooty\u00f6n\u00e4. Suuri kiitos kuuluu my\u00f6s urakoitsijoille jotka ovat suorittaneet rakennus- putki- ja s\u00e4hk\u00f6ty\u00f6t uudessa WC-tilassa ja puusep\u00e4lle joka on valmistanut uudet ovet salin ja&#8217; keltaisen huoneen&#8217;v\u00e4liin.<\/p>\n<p>Meill\u00e4 on nyt esteet\u00f6n WC <span style=\"font-size: 12pt\">, pieni mutta k\u00e4ytt\u00f6kelpoinen siivouskomero,\u00a0 s\u00e4ilytystilat p\u00f6ydille ja tuoleille, laajennettu eteinen ulkovaates\u00e4ilytystiloineen ja kaksoisovi salin ja &#8217;kelteisen huoneen&#8217; v\u00e4lill\u00e4, joka voidaan avata ja sulkea tarpeen mukaan.<\/span><\/p>\n<p>Olemme anoneet lis\u00e4\u00e4 tukia keitti\u00f6n saneeraamiseksi kes\u00e4ll\u00e4 2019.<\/p>\n","protected":false},"excerpt":{"rendered":"<p>Yhdistyksen toiminnan keskuksena toimii K\u00f6pbackan kyl\u00e4n entinen alakoulu joka joulukuusta 2013 l\u00e4htien on kyl\u00e4yhdistyksen omistuksessa. K\u00f6pbackan entinen alakoulu, jossa on toiminut kansakoulun alaluokat, on yh\u00e4 kaikkien kyl\u00e4l\u00e4isten, entisten kyl\u00e4l\u00e4isten ja heid\u00e4n yst\u00e4viens\u00e4 k\u00e4yt\u00f6ss\u00e4. Kyl\u00e4yhdistys kokoontuu Sm\u00e5skolalla paitsi kokouksiin my\u00f6s merkkip\u00e4ivien, juhlien ja talkoot\u00f6iden merkeiss\u00e4. Kyl\u00e4yhdistys tekee ty\u00f6t\u00e4, jotta Sm\u00e5skola s\u00e4ilyisi kulttuurihistoriallisesti t\u00e4rke\u00e4n\u00e4 rakennuksena, ja ett\u00e4 [&hellip;]<\/p>\n","protected":false},"author":11,"featured_media":0,"parent":0,"menu_order":0,"comment_status":"closed","ping_status":"closed","template":"","meta":{"footnotes":""},"class_list":["post-140","page","type-page","status-publish","hentry"],"_links":{"self":[{"href":"https:\/\/www.kopbacka.fi\/fi\/wp-json\/wp\/v2\/pages\/140","targetHints":{"allow":["GET"]}}],"collection":[{"href":"https:\/\/www.kopbacka.fi\/fi\/wp-json\/wp\/v2\/pages"}],"about":[{"href":"https:\/\/www.kopbacka.fi\/fi\/wp-json\/wp\/v2\/types\/page"}],"author":[{"embeddable":true,"href":"https:\/\/www.kopbacka.fi\/fi\/wp-json\/wp\/v2\/users\/11"}],"replies":[{"embeddable":true,"href":"https:\/\/www.kopbacka.fi\/fi\/wp-json\/wp\/v2\/comments?post=140"}],"version-history":[{"count":10,"href":"https:\/\/www.kopbacka.fi\/fi\/wp-json\/wp\/v2\/pages\/140\/revisions"}],"predecessor-version":[{"id":2791,"href":"https:\/\/www.kopbacka.fi\/fi\/wp-json\/wp\/v2\/pages\/140\/revisions\/2791"}],"wp:attachment":[{"href":"https:\/\/www.kopbacka.fi\/fi\/wp-json\/wp\/v2\/media?parent=140"}],"curies":[{"name":"wp","href":"https:\/\/api.w.org\/{rel}","templated":true}]}}