{"id":14,"date":"2014-06-09T16:42:27","date_gmt":"2014-06-09T13:42:27","guid":{"rendered":"http:\/\/www.itukylat.fi\/kopbacka\/?page_id=14"},"modified":"2024-04-21T20:54:14","modified_gmt":"2024-04-21T17:54:14","slug":"etusivu","status":"publish","type":"page","link":"https:\/\/www.kopbacka.fi\/fi\/","title":{"rendered":"Tervetuloa K\u00f6pbackan kyl\u00e4yhdistyksen kotisivuille!"},"content":{"rendered":"<p><a href=\"https:\/\/www.kopbacka.fi\/wp-content\/uploads\/sites\/15\/2014\/06\/pan-kylaet1.jpg\"><img loading=\"lazy\" decoding=\"async\" class=\"alignnone wp-image-1555\" src=\"https:\/\/www.kopbacka.fi\/wp-content\/uploads\/sites\/15\/2014\/06\/pan-kylaet1-300x49.jpg\" alt=\"\" width=\"716\" height=\"117\" data-id=\"1555\" srcset=\"https:\/\/www.kopbacka.fi\/wp-content\/uploads\/sites\/15\/2014\/06\/pan-kylaet1-300x49.jpg 300w, https:\/\/www.kopbacka.fi\/wp-content\/uploads\/sites\/15\/2014\/06\/pan-kylaet1.jpg 640w\" sizes=\"auto, (max-width: 716px) 100vw, 716px\" \/><\/a><\/p>\n<p>K\u00f6pbackan kyl\u00e4yhdistys perustettiin 19. marraskuuta 2000 ja toimii K\u00f6pbackan, Haravankyl\u00e4n, Varvin ja Sven\u00e4sin kylien alueilla. Yhdistyksen p\u00e4\u00e4asiallinen teht\u00e4v\u00e4 on s\u00e4ilytt\u00e4\u00e4 vanha alakoulu asianmukaisessa kunnossa, luonnollisena toiminta ja kokoontumispaikkana kyl\u00e4l\u00e4isille. Kyl\u00e4yhdistyksess\u00e4 kyl\u00e4l\u00e4iset ovat l\u00f6yt\u00e4neet toinen toisensa ja ty\u00f6skentelev\u00e4t yll\u00e4pit\u00e4\u00e4kseen hyv\u00e4\u00e4 kyl\u00e4henke\u00e4. Kyl\u00e4yhdistys l\u00f6ytyy my\u00f6s Facebookista julkisena ryhm\u00e4n\u00e4. <a href=\"https:\/\/www.facebook.com\/groups\/1443249282653106\/?fref=ts\" target=\"_blank\" rel=\"noopener noreferrer\">Klikkaa t\u00e4st\u00e4 ja lue lis\u00e4\u00e4.<\/a><\/p>\n<h2>Ajankohtaista<\/h2>\n<ul class=\"lcp_catlist\" id=\"lcp_instance_0\"><li><h2 class=\"list-title\"><a href=\"https:\/\/www.kopbacka.fi\/fi\/2026\/04\/11\/saantomaarainen-kevatkokous-30-0-2025\/\">S\u00e4\u00e4nt\u00f6m\u00e4\u00e4r\u00e4inen kev\u00e4tkokous 19.4.2026<\/a><\/h2><div class=\"lcp_excerpt\">K\u00f6pbacka byaf\u00f6rening &#8211; K\u00f6pbackan kyl\u00e4yhdistys rf:n s\u00e4\u00e4nt\u00f6m\u00e4\u00e4r\u00e4inen kev\u00e4tkokous pidet\u00e4\u00e4n sunnuntaina 19.4.2026 kello 17:00 alkaen K\u00f6pbackan Sm\u00e5skolalla.\nKahvitarjoilu\nTervetuloa!\nEsityslista\n\u00a7 1. Kokouksen avaus\n\u00a7 2. ...<\/div><a href=\"https:\/\/www.kopbacka.fi\/fi\/2026\/04\/11\/saantomaarainen-kevatkokous-30-0-2025\/\" class=\"list-more\">Lue lis\u00e4\u00e4<\/a><\/li><li><h2 class=\"list-title\"><a href=\"https:\/\/www.kopbacka.fi\/fi\/2026\/03\/22\/paasiaismyyjaiset-2\/\">P\u00e4\u00e4si\u00e4ismyyj\u00e4iset<\/a><\/h2><div class=\"lcp_excerpt\">\ud83d\udc23\u2728 K\u00f6pbackan p\u00e4\u00e4si\u00e4ismyyj\u00e4iset 29.3. klo 14\u201316! \u2728\ud83d\udc23\nTervetuloa tunnelmallisiin p\u00e4\u00e4si\u00e4ismyyj\u00e4isiin Varvintielle.\nMyynniss\u00e4:\ud83d\udc23 P\u00e4\u00e4si\u00e4isherkkuja\ud83c\udf6a Leivonnaisia\ud83c\udf38 K\u00e4sit\u00f6it\u00e4 &amp; p\u00e4\u00e4si\u00e4iskoristeita\nLis\u00e4ksi:\u2615 Kahvio\ud83c\udf9f\ufe0f Pika-arpajaiset\nMaksu: k\u00e4teinen &amp; MobilePay\n\ud83d\udc9b ...<\/div><a href=\"https:\/\/www.kopbacka.fi\/fi\/2026\/03\/22\/paasiaismyyjaiset-2\/\" class=\"list-more\">Lue lis\u00e4\u00e4<\/a><\/li><li><h2 class=\"list-title\"><a href=\"https:\/\/www.kopbacka.fi\/fi\/2026\/02\/09\/3035\/\">Laskiaistapahtuma 15.2.2026<\/a><\/h2><div class=\"lcp_excerpt\">\u2744\ufe0f\ud83d\udef7 Laskiaistapahtuma K\u00f6pbackassa! \ud83d\udef7\u2744\ufe0f\nK\u00f6pbackassa j\u00e4rjestet\u00e4\u00e4n sunnuntaina 15.2. koko perheen laskiaistapahtuma. Ohjelmassa on m\u00e4enlaskua ja talvista ulkoilua.\nHarjunlaella myyt\u00e4v\u00e4n\u00e4 mehua, kahvia ja ...<\/div><a href=\"https:\/\/www.kopbacka.fi\/fi\/2026\/02\/09\/3035\/\" class=\"list-more\">Lue lis\u00e4\u00e4<\/a><\/li><\/ul>\n","protected":false},"excerpt":{"rendered":"<p>K\u00f6pbackan kyl\u00e4yhdistys perustettiin 19. marraskuuta 2000 ja toimii K\u00f6pbackan, Haravankyl\u00e4n, Varvin ja Sven\u00e4sin kylien alueilla. Yhdistyksen p\u00e4\u00e4asiallinen teht\u00e4v\u00e4 on s\u00e4ilytt\u00e4\u00e4 vanha alakoulu asianmukaisessa kunnossa, luonnollisena toiminta ja kokoontumispaikkana kyl\u00e4l\u00e4isille. Kyl\u00e4yhdistyksess\u00e4 kyl\u00e4l\u00e4iset ovat l\u00f6yt\u00e4neet toinen toisensa ja ty\u00f6skentelev\u00e4t yll\u00e4pit\u00e4\u00e4kseen hyv\u00e4\u00e4 kyl\u00e4henke\u00e4. Kyl\u00e4yhdistys l\u00f6ytyy my\u00f6s Facebookista julkisena ryhm\u00e4n\u00e4. Klikkaa t\u00e4st\u00e4 ja lue lis\u00e4\u00e4. Ajankohtaista<\/p>\n","protected":false},"author":1,"featured_media":0,"parent":0,"menu_order":0,"comment_status":"closed","ping_status":"closed","template":"","meta":{"footnotes":""},"class_list":["post-14","page","type-page","status-publish","hentry"],"_links":{"self":[{"href":"https:\/\/www.kopbacka.fi\/fi\/wp-json\/wp\/v2\/pages\/14","targetHints":{"allow":["GET"]}}],"collection":[{"href":"https:\/\/www.kopbacka.fi\/fi\/wp-json\/wp\/v2\/pages"}],"about":[{"href":"https:\/\/www.kopbacka.fi\/fi\/wp-json\/wp\/v2\/types\/page"}],"author":[{"embeddable":true,"href":"https:\/\/www.kopbacka.fi\/fi\/wp-json\/wp\/v2\/users\/1"}],"replies":[{"embeddable":true,"href":"https:\/\/www.kopbacka.fi\/fi\/wp-json\/wp\/v2\/comments?post=14"}],"version-history":[{"count":11,"href":"https:\/\/www.kopbacka.fi\/fi\/wp-json\/wp\/v2\/pages\/14\/revisions"}],"predecessor-version":[{"id":2497,"href":"https:\/\/www.kopbacka.fi\/fi\/wp-json\/wp\/v2\/pages\/14\/revisions\/2497"}],"wp:attachment":[{"href":"https:\/\/www.kopbacka.fi\/fi\/wp-json\/wp\/v2\/media?parent=14"}],"curies":[{"name":"wp","href":"https:\/\/api.w.org\/{rel}","templated":true}]}}