{"id":1395,"date":"2018-10-19T12:26:33","date_gmt":"2018-10-19T09:26:33","guid":{"rendered":"https:\/\/www.kopbacka.fi\/?page_id=1395"},"modified":"2025-01-14T21:59:38","modified_gmt":"2025-01-14T19:59:38","slug":"alakoulun-korjaus-2018-2","status":"publish","type":"page","link":"https:\/\/www.kopbacka.fi\/fi\/kuvia\/alakoulun-korjaus-2018-2\/","title":{"rendered":"Sm\u00e5skolan saneeraus 2018"},"content":{"rendered":"<p>Meill\u00e4 on nyt esteet\u00f6n WC, pieni mutta k\u00e4ytt\u00f6kelpoinen siivouskomero,\u00a0 s\u00e4ilytystilat p\u00f6ydille ja tuoleille, laajennettu eteinen ja kaksoisovi salin ja &#8217;keltaisen huoneen&#8217; v\u00e4lill\u00e4.<\/p>\n\n\t\t<style type=\"text\/css\">\n\t\t\t#gallery-1 {\n\t\t\t\tmargin: auto;\n\t\t\t}\n\t\t\t#gallery-1 .gallery-item {\n\t\t\t\tfloat: left;\n\t\t\t\tmargin-top: 10px;\n\t\t\t\ttext-align: center;\n\t\t\t\twidth: 50%;\n\t\t\t}\n\t\t\t#gallery-1 img {\n\t\t\t\tborder: 2px solid #cfcfcf;\n\t\t\t}\n\t\t\t#gallery-1 .gallery-caption {\n\t\t\t\tmargin-left: 0;\n\t\t\t}\n\t\t\t\/* see gallery_shortcode() in wp-includes\/media.php *\/\n\t\t<\/style>\n\t\t<div id='gallery-1' class='gallery galleryid-1395 gallery-columns-2 gallery-size-medium'><dl class='gallery-item'>\n\t\t\t<dt class='gallery-icon landscape'>\n\t\t\t\t<a href='https:\/\/www.kopbacka.fi\/fi\/teksti-2\/'><img loading=\"lazy\" decoding=\"async\" width=\"300\" height=\"225\" src=\"https:\/\/www.kopbacka.fi\/wp-content\/uploads\/sites\/15\/2018\/10\/Teksti-300x225.jpg\" class=\"attachment-medium size-medium\" alt=\"\" aria-describedby=\"gallery-1-1640\" srcset=\"https:\/\/www.kopbacka.fi\/wp-content\/uploads\/sites\/15\/2018\/10\/Teksti-300x225.jpg 300w, https:\/\/www.kopbacka.fi\/wp-content\/uploads\/sites\/15\/2018\/10\/Teksti-768x576.jpg 768w, https:\/\/www.kopbacka.fi\/wp-content\/uploads\/sites\/15\/2018\/10\/Teksti-1024x768.jpg 1024w\" sizes=\"auto, (max-width: 300px) 100vw, 300px\" \/><\/a>\n\t\t\t<\/dt>\n\t\t\t\t<dd class='wp-caption-text gallery-caption' id='gallery-1-1640'>\n\t\t\t\tUuden WC:n ja siivouskomeron ovet\n\t\t\t\t<\/dd><\/dl><dl class='gallery-item'>\n\t\t\t<dt class='gallery-icon portrait'>\n\t\t\t\t<a href='https:\/\/www.kopbacka.fi\/fi\/wc-2-2\/'><img loading=\"lazy\" decoding=\"async\" width=\"225\" height=\"300\" src=\"https:\/\/www.kopbacka.fi\/wp-content\/uploads\/sites\/15\/2018\/10\/Wc-1-e1539970382283-225x300.jpg\" class=\"attachment-medium size-medium\" alt=\"\" aria-describedby=\"gallery-1-1647\" srcset=\"https:\/\/www.kopbacka.fi\/wp-content\/uploads\/sites\/15\/2018\/10\/Wc-1-e1539970382283-225x300.jpg 225w, https:\/\/www.kopbacka.fi\/wp-content\/uploads\/sites\/15\/2018\/10\/Wc-1-e1539970382283-768x1024.jpg 768w\" sizes=\"auto, (max-width: 225px) 100vw, 225px\" \/><\/a>\n\t\t\t<\/dt>\n\t\t\t\t<dd class='wp-caption-text gallery-caption' id='gallery-1-1647'>\n\t\t\t\tUusi pesuallas\n\t\t\t\t<\/dd><\/dl><br style=\"clear: both\" \/><dl class='gallery-item'>\n\t\t\t<dt class='gallery-icon portrait'>\n\t\t\t\t<a href='https:\/\/www.kopbacka.fi\/fi\/uusi-wc-2\/'><img loading=\"lazy\" decoding=\"async\" width=\"225\" height=\"300\" src=\"https:\/\/www.kopbacka.fi\/wp-content\/uploads\/sites\/15\/2018\/10\/Uusi-Wc-e1539970469844-225x300.jpg\" class=\"attachment-medium size-medium\" alt=\"\" aria-describedby=\"gallery-1-1645\" srcset=\"https:\/\/www.kopbacka.fi\/wp-content\/uploads\/sites\/15\/2018\/10\/Uusi-Wc-e1539970469844-225x300.jpg 225w, https:\/\/www.kopbacka.fi\/wp-content\/uploads\/sites\/15\/2018\/10\/Uusi-Wc-e1539970469844-768x1024.jpg 768w\" sizes=\"auto, (max-width: 225px) 100vw, 225px\" \/><\/a>\n\t\t\t<\/dt>\n\t\t\t\t<dd class='wp-caption-text gallery-caption' id='gallery-1-1645'>\n\t\t\t\tUusi WC tuoli\n\t\t\t\t<\/dd><\/dl><dl class='gallery-item'>\n\t\t\t<dt class='gallery-icon landscape'>\n\t\t\t\t<a href='https:\/\/www.kopbacka.fi\/fi\/eteinen-2-2\/'><img loading=\"lazy\" decoding=\"async\" width=\"300\" height=\"225\" src=\"https:\/\/www.kopbacka.fi\/wp-content\/uploads\/sites\/15\/2018\/10\/Eteinen-1-300x225.jpg\" class=\"attachment-medium size-medium\" alt=\"\" aria-describedby=\"gallery-1-1639\" srcset=\"https:\/\/www.kopbacka.fi\/wp-content\/uploads\/sites\/15\/2018\/10\/Eteinen-1-300x225.jpg 300w, https:\/\/www.kopbacka.fi\/wp-content\/uploads\/sites\/15\/2018\/10\/Eteinen-1-768x576.jpg 768w, https:\/\/www.kopbacka.fi\/wp-content\/uploads\/sites\/15\/2018\/10\/Eteinen-1-1024x768.jpg 1024w\" sizes=\"auto, (max-width: 300px) 100vw, 300px\" \/><\/a>\n\t\t\t<\/dt>\n\t\t\t\t<dd class='wp-caption-text gallery-caption' id='gallery-1-1639'>\n\t\t\t\tUudistettu eteinen\n\t\t\t\t<\/dd><\/dl><br style=\"clear: both\" \/><dl class='gallery-item'>\n\t\t\t<dt class='gallery-icon landscape'>\n\t\t\t\t<a href='https:\/\/www.kopbacka.fi\/fi\/teksti4-2\/'><img loading=\"lazy\" decoding=\"async\" width=\"300\" height=\"225\" src=\"https:\/\/www.kopbacka.fi\/wp-content\/uploads\/sites\/15\/2018\/10\/Teksti4-300x225.jpg\" class=\"attachment-medium size-medium\" alt=\"\" aria-describedby=\"gallery-1-1644\" srcset=\"https:\/\/www.kopbacka.fi\/wp-content\/uploads\/sites\/15\/2018\/10\/Teksti4-300x225.jpg 300w, https:\/\/www.kopbacka.fi\/wp-content\/uploads\/sites\/15\/2018\/10\/Teksti4-768x576.jpg 768w, https:\/\/www.kopbacka.fi\/wp-content\/uploads\/sites\/15\/2018\/10\/Teksti4-1024x768.jpg 1024w\" sizes=\"auto, (max-width: 300px) 100vw, 300px\" \/><\/a>\n\t\t\t<\/dt>\n\t\t\t\t<dd class='wp-caption-text gallery-caption' id='gallery-1-1644'>\n\t\t\t\tUudet tuplaovet asennettuna\n\t\t\t\t<\/dd><\/dl><dl class='gallery-item'>\n\t\t\t<dt class='gallery-icon landscape'>\n\t\t\t\t<a href='https:\/\/www.kopbacka.fi\/fi\/vanha-wc-2\/'><img loading=\"lazy\" decoding=\"async\" width=\"300\" height=\"169\" src=\"https:\/\/www.kopbacka.fi\/wp-content\/uploads\/sites\/15\/2018\/10\/Vanha-Wc-300x169.jpg\" class=\"attachment-medium size-medium\" alt=\"\" aria-describedby=\"gallery-1-1646\" srcset=\"https:\/\/www.kopbacka.fi\/wp-content\/uploads\/sites\/15\/2018\/10\/Vanha-Wc-300x169.jpg 300w, https:\/\/www.kopbacka.fi\/wp-content\/uploads\/sites\/15\/2018\/10\/Vanha-Wc-768x431.jpg 768w, https:\/\/www.kopbacka.fi\/wp-content\/uploads\/sites\/15\/2018\/10\/Vanha-Wc-1024x575.jpg 1024w\" sizes=\"auto, (max-width: 300px) 100vw, 300px\" \/><\/a>\n\t\t\t<\/dt>\n\t\t\t\t<dd class='wp-caption-text gallery-caption' id='gallery-1-1646'>\n\t\t\t\tVanha WC\n\t\t\t\t<\/dd><\/dl><br style=\"clear: both\" \/><dl class='gallery-item'>\n\t\t\t<dt class='gallery-icon portrait'>\n\t\t\t\t<a href='https:\/\/www.kopbacka.fi\/fi\/teksti1-2\/'><img loading=\"lazy\" decoding=\"async\" width=\"169\" height=\"300\" src=\"https:\/\/www.kopbacka.fi\/wp-content\/uploads\/sites\/15\/2018\/10\/Teksti1-169x300.jpg\" class=\"attachment-medium size-medium\" alt=\"\" aria-describedby=\"gallery-1-1641\" srcset=\"https:\/\/www.kopbacka.fi\/wp-content\/uploads\/sites\/15\/2018\/10\/Teksti1-169x300.jpg 169w, https:\/\/www.kopbacka.fi\/wp-content\/uploads\/sites\/15\/2018\/10\/Teksti1-768x1367.jpg 768w, https:\/\/www.kopbacka.fi\/wp-content\/uploads\/sites\/15\/2018\/10\/Teksti1-575x1024.jpg 575w, https:\/\/www.kopbacka.fi\/wp-content\/uploads\/sites\/15\/2018\/10\/Teksti1.jpg 1456w\" sizes=\"auto, (max-width: 169px) 100vw, 169px\" \/><\/a>\n\t\t\t<\/dt>\n\t\t\t\t<dd class='wp-caption-text gallery-caption' id='gallery-1-1641'>\n\t\t\t\tUuden WC:n tila\n\t\t\t\t<\/dd><\/dl><dl class='gallery-item'>\n\t\t\t<dt class='gallery-icon landscape'>\n\t\t\t\t<a href='https:\/\/www.kopbacka.fi\/fi\/teksti2-2\/'><img loading=\"lazy\" decoding=\"async\" width=\"300\" height=\"225\" src=\"https:\/\/www.kopbacka.fi\/wp-content\/uploads\/sites\/15\/2018\/10\/Teksti2-300x225.jpg\" class=\"attachment-medium size-medium\" alt=\"\" aria-describedby=\"gallery-1-1642\" srcset=\"https:\/\/www.kopbacka.fi\/wp-content\/uploads\/sites\/15\/2018\/10\/Teksti2-300x225.jpg 300w, https:\/\/www.kopbacka.fi\/wp-content\/uploads\/sites\/15\/2018\/10\/Teksti2-768x576.jpg 768w, https:\/\/www.kopbacka.fi\/wp-content\/uploads\/sites\/15\/2018\/10\/Teksti2-1024x768.jpg 1024w\" sizes=\"auto, (max-width: 300px) 100vw, 300px\" \/><\/a>\n\t\t\t<\/dt>\n\t\t\t\t<dd class='wp-caption-text gallery-caption' id='gallery-1-1642'>\n\t\t\t\tUuden tuplaoven paikka\n\t\t\t\t<\/dd><\/dl><br style=\"clear: both\" \/><dl class='gallery-item'>\n\t\t\t<dt class='gallery-icon landscape'>\n\t\t\t\t<a href='https:\/\/www.kopbacka.fi\/fi\/hannukaritaffe-ja-jukka-2\/'><img loading=\"lazy\" decoding=\"async\" width=\"300\" height=\"225\" src=\"https:\/\/www.kopbacka.fi\/wp-content\/uploads\/sites\/15\/2018\/10\/HannuKariTAffe-ja-Jukka-e1539972164645-300x225.jpg\" class=\"attachment-medium size-medium\" alt=\"\" aria-describedby=\"gallery-1-1648\" srcset=\"https:\/\/www.kopbacka.fi\/wp-content\/uploads\/sites\/15\/2018\/10\/HannuKariTAffe-ja-Jukka-e1539972164645-300x225.jpg 300w, https:\/\/www.kopbacka.fi\/wp-content\/uploads\/sites\/15\/2018\/10\/HannuKariTAffe-ja-Jukka-e1539972164645-768x576.jpg 768w, https:\/\/www.kopbacka.fi\/wp-content\/uploads\/sites\/15\/2018\/10\/HannuKariTAffe-ja-Jukka-e1539972164645-1024x768.jpg 1024w\" sizes=\"auto, (max-width: 300px) 100vw, 300px\" \/><\/a>\n\t\t\t<\/dt>\n\t\t\t\t<dd class='wp-caption-text gallery-caption' id='gallery-1-1648'>\n\t\t\t\tHannu, KariT, Affe ja Jukka\n\t\t\t\t<\/dd><\/dl><dl class='gallery-item'>\n\t\t\t<dt class='gallery-icon landscape'>\n\t\t\t\t<a href='https:\/\/www.kopbacka.fi\/fi\/nisse-ja-palle-2\/'><img loading=\"lazy\" decoding=\"async\" width=\"300\" height=\"225\" src=\"https:\/\/www.kopbacka.fi\/wp-content\/uploads\/sites\/15\/2018\/10\/Nisse-ja.Palle_-300x225.jpg\" class=\"attachment-medium size-medium\" alt=\"\" aria-describedby=\"gallery-1-1649\" srcset=\"https:\/\/www.kopbacka.fi\/wp-content\/uploads\/sites\/15\/2018\/10\/Nisse-ja.Palle_-300x225.jpg 300w, https:\/\/www.kopbacka.fi\/wp-content\/uploads\/sites\/15\/2018\/10\/Nisse-ja.Palle_-768x576.jpg 768w, https:\/\/www.kopbacka.fi\/wp-content\/uploads\/sites\/15\/2018\/10\/Nisse-ja.Palle_-1024x768.jpg 1024w\" sizes=\"auto, (max-width: 300px) 100vw, 300px\" \/><\/a>\n\t\t\t<\/dt>\n\t\t\t\t<dd class='wp-caption-text gallery-caption' id='gallery-1-1649'>\n\t\t\t\t+ Nisse ja Palle\n\t\t\t\t<\/dd><\/dl><br style=\"clear: both\" \/>\n\t\t<\/div>\n\n<p>&nbsp;<\/p>\n<p>&nbsp;<\/p>\n<p>&nbsp;<\/p>\n<p>&nbsp;<\/p>\n<p>&nbsp;<\/p>\n<p>&nbsp;<\/p>\n<p>&nbsp;<\/p>\n<p>&nbsp;<\/p>\n<p>&nbsp;<\/p>\n<p>&nbsp;<\/p>\n","protected":false},"excerpt":{"rendered":"<p>Meill\u00e4 on nyt esteet\u00f6n WC, pieni mutta k\u00e4ytt\u00f6kelpoinen siivouskomero,\u00a0 s\u00e4ilytystilat p\u00f6ydille ja tuoleille, laajennettu eteinen ja kaksoisovi salin ja &#8217;keltaisen huoneen&#8217; v\u00e4lill\u00e4. &nbsp; &nbsp; &nbsp; &nbsp; &nbsp; &nbsp; &nbsp; &nbsp; &nbsp; &nbsp;<\/p>\n","protected":false},"author":2,"featured_media":0,"parent":333,"menu_order":2,"comment_status":"closed","ping_status":"closed","template":"","meta":{"footnotes":""},"class_list":["post-1395","page","type-page","status-publish","hentry"],"_links":{"self":[{"href":"https:\/\/www.kopbacka.fi\/fi\/wp-json\/wp\/v2\/pages\/1395","targetHints":{"allow":["GET"]}}],"collection":[{"href":"https:\/\/www.kopbacka.fi\/fi\/wp-json\/wp\/v2\/pages"}],"about":[{"href":"https:\/\/www.kopbacka.fi\/fi\/wp-json\/wp\/v2\/types\/page"}],"author":[{"embeddable":true,"href":"https:\/\/www.kopbacka.fi\/fi\/wp-json\/wp\/v2\/users\/2"}],"replies":[{"embeddable":true,"href":"https:\/\/www.kopbacka.fi\/fi\/wp-json\/wp\/v2\/comments?post=1395"}],"version-history":[{"count":11,"href":"https:\/\/www.kopbacka.fi\/fi\/wp-json\/wp\/v2\/pages\/1395\/revisions"}],"predecessor-version":[{"id":2784,"href":"https:\/\/www.kopbacka.fi\/fi\/wp-json\/wp\/v2\/pages\/1395\/revisions\/2784"}],"up":[{"embeddable":true,"href":"https:\/\/www.kopbacka.fi\/fi\/wp-json\/wp\/v2\/pages\/333"}],"wp:attachment":[{"href":"https:\/\/www.kopbacka.fi\/fi\/wp-json\/wp\/v2\/media?parent=1395"}],"curies":[{"name":"wp","href":"https:\/\/api.w.org\/{rel}","templated":true}]}}